{"id":831,"date":"2015-05-11T09:13:20","date_gmt":"2015-05-11T09:13:20","guid":{"rendered":"http:\/\/blessing.ancorathemes.com\/?page_id=831"},"modified":"2017-03-29T21:50:56","modified_gmt":"2017-03-29T21:50:56","slug":"inicio","status":"publish","type":"page","link":"https:\/\/www.funerariamargarida.pt\/fr\/","title":{"rendered":"In\u00edcio"},"content":{"rendered":"<p>[vc_row][vc_column][rev_slider_vc alias=&#8221;homepagesliderfr&#8221;][\/vc_column][\/vc_row][vc_row el_class=&#8221;invisivel&#8221;][vc_column css=&#8221;.vc_custom_1431955086890{margin-top: 1.5em !important;padding-bottom: 4.5em !important;}&#8221;]<div class=\"sc_content content_wrap\" data-animation=\"animated fadeInUp normal\"><div class=\"sc_section\"><h2 class=\"sc_title sc_title_regular sc_align_center fig_border\" style=\"text-align:center;\">Necrologia<\/h2><div id=\"sc_blogger_1647078713\" class=\"sc_blogger layout_obituaries_3 template_obituaries  sc_blogger_horizontal\">\t\t<div class=\"post_item post_item_obituaries column-1_3 post_featured_default post_format_standard odd post-725 post type-post status-publish format-standard has-post-thumbnail hentry category-memorials category-necrologia\">\n\t\t\t\t\t\t\t<div class=\"post_featured\">\n\t\t\t\t\t\t\t\t\t\t<div class=\"post_thumb\" data-image=\"https:\/\/www.funerariamargarida.pt\/wp-content\/uploads\/2015\/05\/necro-2.jpg\" data-title=\"Manuel Gomes Martins\">\n\t\t\t\t\t\t<a class=\"hover_icon hover_icon_link\" href=\"https:\/\/www.funerariamargarida.pt\/fr\/manuel-gomes-martins\/\"><img loading=\"lazy\" decoding=\"async\" class=\"wp-post-image\" width=\"250\" height=\"250\" alt=\"Manuel Gomes Martins\" src=\"https:\/\/www.funerariamargarida.pt\/wp-content\/uploads\/2015\/05\/necro-2-250x250.jpg\"><\/a>\t\t\t\t\t\t<\/div>\n\t\t\t\t\t\t\t\t\t\t<\/div>\n\t\t\t\t\n\t\t\t<div class=\"post_content clearfix\">\n                <div class=\"obituaries_title\">\n\t\t\t\t<h4 class=\"post_title\"><a href=\"https:\/\/www.funerariamargarida.pt\/fr\/manuel-gomes-martins\/\"><span class=\"post_icon icon-book-2\"><\/span>Manuel Gomes Martins<\/a><\/h4>\t\t\t<div class=\"post_info\">\n\t\t\t\t\t\t\t\t\t\t<span class=\"post_info_item post_info_posted\"> <a href=\"https:\/\/www.funerariamargarida.pt\/fr\/manuel-gomes-martins\/\" class=\"post_info_date\">14 May, 2015<\/a><\/span>\n\t\t\t\t\t\t\t\t\t<\/div>\n\t\t        <\/div>\n\t\t\t\t<div class=\"post_descr clearfix\">\n\t\t\t\t<p>Manuel Gomes Martins Sua fam\u00edlia cumpre o doloroso dever...<\/p><a href=\"https:\/\/www.funerariamargarida.pt\/fr\/manuel-gomes-martins\/\">Ler Obitu\u00e1rio<\/a>\t\t\t\t<\/div>\n\n\t\t\t<\/div>\t<!-- \/.post_content -->\n\n\t\t<\/div>\t<!-- \/.post_item -->\n\n\t\t\t<div class=\"post_item post_item_obituaries column-1_3 post_featured_default post_format_standard even post-728 post type-post status-publish format-standard has-post-thumbnail hentry category-memorials category-necrologia\">\n\t\t\t\t\t\t\t<div class=\"post_featured\">\n\t\t\t\t\t\t\t\t\t\t<div class=\"post_thumb\" data-image=\"https:\/\/www.funerariamargarida.pt\/wp-content\/uploads\/2015\/05\/necro-1.jpg\" data-title=\"Maria Cid\u00e1lia Guimar\u00e3es Barbosa\">\n\t\t\t\t\t\t<a class=\"hover_icon hover_icon_link\" href=\"https:\/\/www.funerariamargarida.pt\/fr\/adelaide-rodrigues\/\"><img loading=\"lazy\" decoding=\"async\" class=\"wp-post-image\" width=\"250\" height=\"250\" alt=\"Maria Cid\u00e1lia Guimar\u00e3es Barbosa\" src=\"https:\/\/www.funerariamargarida.pt\/wp-content\/uploads\/2015\/05\/necro-1-250x250.jpg\"><\/a>\t\t\t\t\t\t<\/div>\n\t\t\t\t\t\t\t\t\t\t<\/div>\n\t\t\t\t\n\t\t\t<div class=\"post_content clearfix\">\n                <div class=\"obituaries_title\">\n\t\t\t\t<h4 class=\"post_title\"><a href=\"https:\/\/www.funerariamargarida.pt\/fr\/adelaide-rodrigues\/\"><span class=\"post_icon icon-book-2\"><\/span>Maria Cid\u00e1lia Guimar\u00e3es Barbosa<\/a><\/h4>\t\t\t<div class=\"post_info\">\n\t\t\t\t\t\t\t\t\t\t<span class=\"post_info_item post_info_posted\"> <a href=\"https:\/\/www.funerariamargarida.pt\/fr\/adelaide-rodrigues\/\" class=\"post_info_date\">8 May, 2015<\/a><\/span>\n\t\t\t\t\t\t\t\t\t<\/div>\n\t\t        <\/div>\n\t\t\t\t<div class=\"post_descr clearfix\">\n\t\t\t\t<p>Maria Cid\u00e1lia Guimar\u00e3es Barbosa Sua Filha, Genro, Netos...<\/p><a href=\"https:\/\/www.funerariamargarida.pt\/fr\/adelaide-rodrigues\/\">Ler Obitu\u00e1rio<\/a>\t\t\t\t<\/div>\n\n\t\t\t<\/div>\t<!-- \/.post_content -->\n\n\t\t<\/div>\t<!-- \/.post_item -->\n\n\t\t\t<div class=\"post_item post_item_obituaries column-1_3 post_featured_default post_format_standard odd last post-722 post type-post status-publish format-standard has-post-thumbnail hentry category-memorials category-necrologia\">\n\t\t\t\t\t\t\t<div class=\"post_featured\">\n\t\t\t\t\t\t\t\t\t\t<div class=\"post_thumb\" data-image=\"https:\/\/www.funerariamargarida.pt\/wp-content\/uploads\/2015\/05\/necro-3.jpg\" data-title=\"Jo\u00e3o Ramos da Silva\">\n\t\t\t\t\t\t<a class=\"hover_icon hover_icon_link\" href=\"https:\/\/www.funerariamargarida.pt\/fr\/joao-ramos-da-silva\/\"><img loading=\"lazy\" decoding=\"async\" class=\"wp-post-image\" width=\"250\" height=\"250\" alt=\"Jo\u00e3o Ramos da Silva\" src=\"https:\/\/www.funerariamargarida.pt\/wp-content\/uploads\/2015\/05\/necro-3-250x250.jpg\"><\/a>\t\t\t\t\t\t<\/div>\n\t\t\t\t\t\t\t\t\t\t<\/div>\n\t\t\t\t\n\t\t\t<div class=\"post_content clearfix\">\n                <div class=\"obituaries_title\">\n\t\t\t\t<h4 class=\"post_title\"><a href=\"https:\/\/www.funerariamargarida.pt\/fr\/joao-ramos-da-silva\/\"><span class=\"post_icon icon-book-2\"><\/span>Jo\u00e3o Ramos da Silva<\/a><\/h4>\t\t\t<div class=\"post_info\">\n\t\t\t\t\t\t\t\t\t\t<span class=\"post_info_item post_info_posted\"> <a href=\"https:\/\/www.funerariamargarida.pt\/fr\/joao-ramos-da-silva\/\" class=\"post_info_date\">8 May, 2015<\/a><\/span>\n\t\t\t\t\t\t\t\t\t<\/div>\n\t\t        <\/div>\n\t\t\t\t<div class=\"post_descr clearfix\">\n\t\t\t\t<p>Jo\u00e3o Ramos da Silva A Fam\u00edlia do saudoso extinto...<\/p><a href=\"https:\/\/www.funerariamargarida.pt\/fr\/joao-ramos-da-silva\/\">Ler Obitu\u00e1rio<\/a>\t\t\t\t<\/div>\n\n\t\t\t<\/div>\t<!-- \/.post_content -->\n\n\t\t<\/div>\t<!-- \/.post_item -->\n\n\t<\/div>[vc_column_text css=&#8221;.vc_custom_1460929536267{margin-top: 0.5em !important;}&#8221;]<\/p>\n<p style=\"text-align: center;\"><a href=\"#\" class=\"sc_button button-hover sc_button_square sc_button_style_dark sc_button_bg_custom sc_button_size_mini\" style=\"width:9em;\" data-text=\"Ver Todos\">Ver Todos<\/a><\/p>\n<p>[\/vc_column_text]<\/div><\/div>[\/vc_column][\/vc_row][vc_row][vc_column css=&#8221;.vc_custom_1432042943665{padding-top: 5.5em !important;padding-bottom: 5em !important;background-image: url(http:\/\/funeraria-margarida.fredericomartins.pt\/wp-content\/uploads\/2015\/05\/white_bg.jpg?id=332) !important;}&#8221;]<div class=\"sc_content content_wrap\" data-animation=\"animated fadeInUp normal\"><div class=\"sc_section\"><div class=\"columns_wrap sc_columns columns_nofluid sc_columns_count_2\"><div class=\"column-1_2 sc_column_item sc_column_item_1 odd first\"><figure class=\"sc_image  sc_image_shape_square\"><div style=\"padding: 0.4em; padding-bottom: 0;\"><img decoding=\"async\" src=\"https:\/\/www.funerariamargarida.pt\/wp-content\/uploads\/2015\/05\/Fachada-Funeraria-Guida.jpg\" alt=\"\" \/><\/div><\/figure><\/div><div class=\"column-1_2 sc_column_item sc_column_item_2 even\"><h2 class=\"sc_title sc_title_regular \" style=\"margin-top:0px;margin-bottom:0.15em;\">SOYES LES BIENVENUS<\/h2>[vc_column_text]Pompes Fun\u00e8bres Margarida &amp; Filhos, Lda., est n\u00e9e dans les ann\u00e9es 80. Elle a ouvert ses portes en 1985 \u00e0 Pombal (Portugal), par la G\u00e9rante associ\u00e9e Maria Margarida Gameiro Santos (plus connue sous le nom de Guida). Aujourd\u2019hui, l\u2019agence compte sur la collaboration du fils R\u00faben Gameiro Pereira, ainsi que d\u2019autres employ\u00e9s.<\/p>\n<p>Pompes Fun\u00e8bres Margarida &amp; Filhos, Lda., a connu une large croissance, la conduisant \u00e0 une constante actualisation de ses services fun\u00e9raires.[\/vc_column_text]<a href=\"\/a-empresa\/\" class=\"sc_button button-hover sc_button_square sc_button_style_light sc_button_bg_link sc_button_size_small aligncenter\" style=\"margin-top:3.5em;\" data-text=\"En Savoir Plus\">En Savoir Plus<\/a><\/div><\/div><\/div><\/div>[\/vc_column][\/vc_row][vc_row][vc_column]<div class=\"sc_section\"><div class=\"sc_content content_wrap\" data-animation=\"animated fadeInUp normal\" style=\"margin-top:1.8em !important;\"><h2 class=\"sc_title sc_title_regular sc_align_center fig_border\" style=\"text-align:center;\">Nos Services<\/h2><div class=\"columns_wrap sc_columns columns_nofluid sc_columns_count_5 history_service\" style=\"margin-bottom:5em;\"><div class=\"column-1_5 sc_column_item sc_column_item_1 odd first\"><figure class=\"sc_image  sc_image_shape_square\" style=\"width:11.866em;\"><div style=\"padding: 0.4em; padding-bottom: 0;\"><img decoding=\"async\" src=\"https:\/\/www.funerariamargarida.pt\/wp-content\/uploads\/2015\/05\/flores-homepage.jpg\" alt=\"\" \/><\/div><\/figure>[vc_column_text]<\/p>\n<p style=\"text-align: center;\"><a href=\"\/os-nossos-servicos\/\">Fleurs<\/a><\/p>\n<p>[\/vc_column_text]<\/div><div class=\"column-1_5 sc_column_item sc_column_item_2 even\"><figure class=\"sc_image  sc_image_shape_square\" style=\"width:11.866em;\"><div style=\"padding: 0.4em; padding-bottom: 0;\"><img decoding=\"async\" src=\"https:\/\/www.funerariamargarida.pt\/wp-content\/uploads\/2015\/05\/cremacao-homepage.jpg\" alt=\"\" \/><\/div><\/figure>[vc_column_text]<\/p>\n<p style=\"text-align: center;\"><a href=\"\/os-nossos-servicos\/\">Cr\u00e9mation<\/a><\/p>\n<p>[\/vc_column_text]<\/div><div class=\"column-1_5 sc_column_item sc_column_item_3 odd\"><figure class=\"sc_image  sc_image_shape_square\" style=\"width:11.866em;\"><div style=\"padding: 0.4em; padding-bottom: 0;\"><img decoding=\"async\" src=\"https:\/\/www.funerariamargarida.pt\/wp-content\/uploads\/2015\/05\/tanatoestetica-homepage.jpg\" alt=\"\" \/><\/div><\/figure>[vc_column_text]<\/p>\n<p style=\"text-align: center;\"><a href=\"\/os-nossos-servicos\/\">Thanato-esth\u00e9tique<\/a><\/p>\n<p>[\/vc_column_text]<\/div><div class=\"column-1_5 sc_column_item sc_column_item_4 even\"><figure class=\"sc_image  sc_image_shape_square\" style=\"width:11.866em;\"><div style=\"padding: 0.4em; padding-bottom: 0;\"><img decoding=\"async\" src=\"https:\/\/www.funerariamargarida.pt\/wp-content\/uploads\/2015\/05\/tanatopraxia-homepage.jpg\" alt=\"\" \/><\/div><\/figure>[vc_column_text]<\/p>\n<p style=\"text-align: center;\"><a href=\"\/os-nossos-servicos\/\">Thanatopraxie<\/a><\/p>\n<p>[\/vc_column_text]<\/div><div class=\"column-1_5 sc_column_item sc_column_item_5 odd\"><figure class=\"sc_image  sc_image_shape_square\" style=\"width:11.866em;\"><div style=\"padding: 0.4em; padding-bottom: 0;\"><img decoding=\"async\" src=\"https:\/\/www.funerariamargarida.pt\/wp-content\/uploads\/2015\/05\/repatriamentos-homepage.jpg\" alt=\"\" \/><\/div><\/figure>[vc_column_text]<\/p>\n<p style=\"text-align: center;\"><a href=\"\/os-nossos-servicos\/\">Rapatriements<\/a><\/p>\n<p>[\/vc_column_text]<\/div><\/div><\/div><\/div>[\/vc_column][\/vc_row][vc_row][vc_column]<!-- #TRX_GAP_START# --><div class=\"sc_parallax bg_tint_light\" style=\"width:100%;height:27.866em;color:#ffffff;\" data-parallax-speed=\"0.4\" data-parallax-x-pos=\"50%\" data-parallax-y-pos=\"50%\"><div class=\"sc_parallax_content\" style=\"background-image:url(https:\/\/www.funerariamargarida.pt\/wp-content\/uploads\/2015\/05\/morning_sunshine-parallax.jpg); background-position:50% 50%;\">[vc_column_text css=&#8221;.vc_custom_1490824251424{margin-top: 9em !important;}&#8221;]<\/p>\n<h2 style=\"text-align: center;\"><span style=\"color: #ffffff; line-height: 1.3em;\">LES LARMES LES PLUS AM\u00c8RES QUE L&#8217;ON VERSE SUR LES TOMBES<\/span><br \/>\n<span style=\"color: #ffffff; line-height: 1.3em;\"> VIENNENT DES MOTS QUE L&#8217;ON N&#8217;A PAS DITS, DES CHOSES QUE L&#8217;ON N&#8217;A PAS FAITES.<\/span><\/h2>\n<p>[\/vc_column_text][vc_column_text css=&#8221;.vc_custom_1431341298262{margin-top: 1em !important;}&#8221;]<\/p>\n<p style=\"text-align: center;\">&#8211; Harriet Beecher Stowe<\/p>\n<p>[\/vc_column_text]<\/div><\/div><!-- #TRX_GAP_END# -->[\/vc_column][\/vc_row]<\/p>","protected":false},"excerpt":{"rendered":"<p>[vc_row][vc_column][rev_slider_vc alias=&#8221;homepagesliderfr&#8221;][\/vc_column][\/vc_row][vc_row el_class=&#8221;invisivel&#8221;][vc_column css=&#8221;.vc_custom_1431955086890{margin-top: 1.5em !important;padding-bottom: 4.5em !important;}&#8221;][\/vc_column][\/vc_row][vc_row][vc_column css=&#8221;.vc_custom_1432042943665{padding-top: 5.5em !important;padding-bottom: 5em !important;background-image: url(http:\/\/funeraria-margarida.fredericomartins.pt\/wp-content\/uploads\/2015\/05\/white_bg.jpg?id=332) !important;}&#8221;][\/vc_column][\/vc_row][vc_row][vc_column][\/vc_column][\/vc_row][vc_row][vc_column][\/vc_column][\/vc_row]<\/p>\n","protected":false},"author":2,"featured_media":0,"parent":0,"menu_order":0,"comment_status":"closed","ping_status":"open","template":"","meta":{"footnotes":""},"class_list":["post-831","page","type-page","status-publish","hentry"],"_links":{"self":[{"href":"https:\/\/www.funerariamargarida.pt\/fr\/wp-json\/wp\/v2\/pages\/831","targetHints":{"allow":["GET"]}}],"collection":[{"href":"https:\/\/www.funerariamargarida.pt\/fr\/wp-json\/wp\/v2\/pages"}],"about":[{"href":"https:\/\/www.funerariamargarida.pt\/fr\/wp-json\/wp\/v2\/types\/page"}],"author":[{"embeddable":true,"href":"https:\/\/www.funerariamargarida.pt\/fr\/wp-json\/wp\/v2\/users\/2"}],"replies":[{"embeddable":true,"href":"https:\/\/www.funerariamargarida.pt\/fr\/wp-json\/wp\/v2\/comments?post=831"}],"version-history":[{"count":37,"href":"https:\/\/www.funerariamargarida.pt\/fr\/wp-json\/wp\/v2\/pages\/831\/revisions"}],"predecessor-version":[{"id":1580,"href":"https:\/\/www.funerariamargarida.pt\/fr\/wp-json\/wp\/v2\/pages\/831\/revisions\/1580"}],"wp:attachment":[{"href":"https:\/\/www.funerariamargarida.pt\/fr\/wp-json\/wp\/v2\/media?parent=831"}],"curies":[{"name":"wp","href":"https:\/\/api.w.org\/{rel}","templated":true}]}}